{"id":14,"date":"2020-09-29T17:07:11","date_gmt":"2020-09-29T17:07:11","guid":{"rendered":"https:\/\/avocatdk.eu\/imobiliar\/home\/"},"modified":"2022-08-29T12:55:11","modified_gmt":"2022-08-29T12:55:11","slug":"home","status":"publish","type":"page","link":"https:\/\/avocatdk.eu\/imobiliar\/","title":{"rendered":"Consultan\u021b\u0103 imobiliar\u0103 \u00een Danemarca"},"content":{"rendered":"\n<hr class=\"wp-block-separator has-text-color has-background has-nv-dark-bg-background-color has-nv-dark-bg-color is-style-wide\"\/>\n\n\n\n<p class=\"has-medium-font-size\"><strong><span class=\"has-inline-color has-nv-c-2-color\">Sfatul este important pentru cump\u0103rarea sau v\u00e2nzarea unei propriet\u0103\u021bi<\/span><\/strong><\/p>\n\n\n\n<p class=\"has-small-font-size\">Ne ocup\u0103m de tranzac\u021bii imobiliare, planificarea imobiliar\u0103, reprezentarea de \u00eenchidere \u0219i o varietate de alte chestiuni legate de imobiliare.<\/p>\n\n\n\n<p class=\"has-nv-dark-bg-color has-text-color\" style=\"font-size:14px\"><strong>De ce ave\u021bi nevoie de un avocat atunci c\u00e2nd tranzac\u021biona\u021bi \u00een piata imobiliar\u0103<\/strong>?<\/p>\n\n\n\n<p class=\"has-nv-dark-bg-color has-text-color\" style=\"font-size:12.5px\">Efectu\u0103m diligen\u021ba de cercetare \u00een biroul ipotecar \u0219i \u00een cartea funciar\u0103; deasemenea oferim servicii coordonate proprietarilor de terenuri, companiilor de construc\u021bii \u0219i investitorilor priva\u021bi care activeaz\u0103 \u00een sectorul imobiliar. Studiem documentele care constituie&nbsp;<strong>titlurile<\/strong>&nbsp;de proprietate asupra imobilelor, natura \u0219i \u00eentinderea dreptului clientului nostru,definim problema \u0219i particularit\u0103\u021bile acesteia.<\/p>\n\n\n\n<p class=\"has-nv-dark-bg-color has-text-color\" style=\"font-size:12.5px\">Este indicat ca cel ce achizi\u021bioneaz\u0103 (Cump\u0103r\u0103torul) s\u0103 solicite ajutor profesional de la un avocat \u00eenainte de a semna contractul de cump\u0103rare.   <\/p>\n\n\n\n<p class=\"has-nv-dark-bg-color has-text-color\" style=\"font-size:12.5px\">Legea privind achizitia imobiliar\u0103 prevede c\u0103 un agent (broker imobiliar) poate sf\u0103tui numai una dintre p\u0103r\u021bi \u00een leg\u0103tur\u0103 cu o tranzac\u021bie de locuin\u021be.<\/p>\n\n\n\n<p class=\"has-nv-dark-bg-color has-text-color\" style=\"font-size:12.5px\">De regula un astfel de consilier profesionist este consultantul vanzatorului. De aceea este recomandat s\u0103 solicita\u021bi \u00eendrumare de la avocati \u00een leg\u0103tur\u0103 cu cump\u0103rarea unui imobil. Ace\u0219tia se pot asigura c\u0103 anumite prevederi sunt cuprinse \u00een contract, care protejeaz\u0103 interesele clientului lor, precum \u0219i s\u0103 se asigure c\u0103 legile statului sunt respectate.\u00a0De asemenea, pot aborda anumite probleme care pot ap\u0103rea, cum ar fi achizi\u021bionarea unui contract de \u00eenchiriere de c\u0103tre v\u00e2nz\u0103tor, gestionarea chiria\u0219ilor existen\u021bi, utilizarea propriet\u0103\u021bii pentru anumite utiliz\u0103ri \u00een viitor \u0219i includ situa\u021bii neprev\u0103zute pentru a proteja clientul<\/p>\n\n\n\n<p><strong>Dac\u0103 v\u0103 g\u00e2ndi\u021bi s\u0103 cump\u0103ra\u021bi, s\u0103 vinde\u021bi<\/strong> <strong>o proprietate<\/strong> <strong>suna\u021bi-ne acum f\u0103r\u0103 obliga\u021bii\u00a0pentru a v<strong>\u0103<\/strong> oferi detaliile necesare:<\/strong> <strong>Tel +4571329917<\/strong><\/p>\n\n\n\n<div class=\"wp-block-group alignfull\"><div class=\"wp-block-group__inner-container\">\n<div class=\"wp-block-cover alignfull has-background-dim tw-h-auto tw-my-0\" style=\"background-color:#ffffff;min-height:1200px\"><div class=\"wp-block-cover__inner-container\">\n<div class=\"wp-block-columns alignwide tw-mb-0\">\n<div class=\"wp-block-column tw-my-3\">\n<div class=\"wp-block-group tw-rounded-xl tw-shadow-xl tw-h-full tw-p-8 sm:tw-p-10 has-nv-dark-bg-color has-nv-light-bg-background-color has-text-color has-background\"><div class=\"wp-block-group__inner-container\">\n<div class=\"wp-block-image tw-py-0\"><figure class=\"aligncenter size-thumbnail is-resized\"><img loading=\"lazy\" src=\"https:\/\/avocatdk.eu\/imobiliar\/wp-content\/uploads\/2022\/01\/cropped-Copy-of-Copy-of-Christmas-flyer-Made-with-PosterMyWall-150x150.png\" alt=\"\" class=\"wp-image-117\" width=\"70\" height=\"70\" srcset=\"https:\/\/avocatdk.eu\/imobiliar\/wp-content\/uploads\/2022\/01\/cropped-Copy-of-Copy-of-Christmas-flyer-Made-with-PosterMyWall-150x150.png 150w, https:\/\/avocatdk.eu\/imobiliar\/wp-content\/uploads\/2022\/01\/cropped-Copy-of-Copy-of-Christmas-flyer-Made-with-PosterMyWall-300x300.png 300w, https:\/\/avocatdk.eu\/imobiliar\/wp-content\/uploads\/2022\/01\/cropped-Copy-of-Copy-of-Christmas-flyer-Made-with-PosterMyWall.png 630w\" sizes=\"(max-width: 70px) 100vw, 70px\" \/><\/figure><\/div>\n\n\n\n<h2 class=\"has-text-align-center has-nv-dark-bg-color has-text-color has-medium-font-size\"><strong>Contract de v\u00e2nzare<\/strong>  (K\u00f8bsaftale)<\/h2>\n\n\n\n<p class=\"has-text-align-center tw-mb-0 has-nv-dark-bg-color has-text-color\" style=\"font-size:12px\">Oferim servicii juridice complete legate de cump\u0103rarea sau v\u00e2nzarea de bunuri imobiliare, inclusiv dreptul de rezerv\u0103<\/p>\n\n\n\n<p class=\"has-text-align-center tw-mb-0 has-nv-dark-bg-color has-text-color\" style=\"font-size:12px\">&nbsp;Servicii juridice cuprinz\u0103toare \u0219i consiliere pentru redactarea\/analizarea contractului de v\u00e2nzare-cump\u0103rare.<\/p>\n\n\n\n<div style=\"height:9px\" aria-hidden=\"true\" class=\"wp-block-spacer\"><\/div>\n\n\n\n<div class=\"wp-block-buttons is-content-justification-center\">\n<div class=\"wp-block-button has-custom-font-size is-style-outline has-normal-font-size\"><a class=\"wp-block-button__link has-nv-dark-bg-color has-text-color\" href=\"https:\/\/avocatdk.eu\/imobiliar\/2022\/01\/09\/contract-de-vanzare-kobsaftale\/\" target=\"_blank\" rel=\"noreferrer noopener\">Afla mai multe<\/a><\/div>\n<\/div>\n<\/div><\/div>\n<\/div>\n\n\n\n<div class=\"wp-block-column tw-my-3\">\n<div class=\"wp-block-group tw-rounded-xl tw-shadow-xl tw-h-full tw-p-8 sm:tw-p-10 has-nv-dark-bg-color has-nv-light-bg-background-color has-text-color has-background\"><div class=\"wp-block-group__inner-container\">\n<div class=\"wp-block-image tw-py-0\"><figure class=\"aligncenter size-thumbnail is-resized\"><img loading=\"lazy\" src=\"https:\/\/avocatdk.eu\/imobiliar\/wp-content\/uploads\/2022\/01\/cropped-Copy-of-Copy-of-Christmas-flyer-Made-with-PosterMyWall-150x150.png\" alt=\"\" class=\"wp-image-117\" width=\"70\" height=\"70\" srcset=\"https:\/\/avocatdk.eu\/imobiliar\/wp-content\/uploads\/2022\/01\/cropped-Copy-of-Copy-of-Christmas-flyer-Made-with-PosterMyWall-150x150.png 150w, https:\/\/avocatdk.eu\/imobiliar\/wp-content\/uploads\/2022\/01\/cropped-Copy-of-Copy-of-Christmas-flyer-Made-with-PosterMyWall-300x300.png 300w, https:\/\/avocatdk.eu\/imobiliar\/wp-content\/uploads\/2022\/01\/cropped-Copy-of-Copy-of-Christmas-flyer-Made-with-PosterMyWall.png 630w\" sizes=\"(max-width: 70px) 100vw, 70px\" \/><\/figure><\/div>\n\n\n\n<h2 class=\"has-text-align-center has-nv-dark-bg-color has-text-color has-medium-font-size\"> <strong>Contract de \u00eenchiriere<\/strong>  (Lejekontrakt) <\/h2>\n\n\n\n<p class=\"has-text-align-center tw-mb-0 has-nv-dark-bg-color has-text-color\" style=\"font-size:12px\">Redact\u0103m \u0219i\/sau analiz\u0103m un contract de \u00eenchiriere pentru un imobil, spa\u021biu nereziden\u021bial sau alt lucru.<\/p>\n\n\n\n<div style=\"height:10px\" aria-hidden=\"true\" class=\"wp-block-spacer\"><\/div>\n\n\n\n<div class=\"wp-block-buttons is-content-justification-center\">\n<div class=\"wp-block-button has-custom-font-size is-style-outline has-normal-font-size\"><a class=\"wp-block-button__link has-nv-dark-bg-color has-text-color\" href=\"https:\/\/avocatdk.eu\/imobiliar\/2022\/01\/10\/contract-de-inchiriere-lejekontrakt\/\" target=\"_blank\" rel=\"noreferrer noopener\">Afla mai multe<\/a><\/div>\n<\/div>\n<\/div><\/div>\n<\/div>\n\n\n\n<div class=\"wp-block-column tw-my-3\">\n<div class=\"wp-block-group tw-rounded-xl tw-shadow-xl tw-h-full tw-p-8 sm:tw-p-10 has-nv-dark-bg-color has-nv-light-bg-background-color has-text-color has-background\"><div class=\"wp-block-group__inner-container\">\n<div class=\"wp-block-image tw-py-0\"><figure class=\"aligncenter size-thumbnail is-resized\"><img loading=\"lazy\" src=\"https:\/\/avocatdk.eu\/imobiliar\/wp-content\/uploads\/2022\/01\/cropped-Copy-of-Copy-of-Christmas-flyer-Made-with-PosterMyWall-150x150.png\" alt=\"\" class=\"wp-image-117\" width=\"70\" height=\"70\" srcset=\"https:\/\/avocatdk.eu\/imobiliar\/wp-content\/uploads\/2022\/01\/cropped-Copy-of-Copy-of-Christmas-flyer-Made-with-PosterMyWall-150x150.png 150w, https:\/\/avocatdk.eu\/imobiliar\/wp-content\/uploads\/2022\/01\/cropped-Copy-of-Copy-of-Christmas-flyer-Made-with-PosterMyWall-300x300.png 300w, https:\/\/avocatdk.eu\/imobiliar\/wp-content\/uploads\/2022\/01\/cropped-Copy-of-Copy-of-Christmas-flyer-Made-with-PosterMyWall.png 630w\" sizes=\"(max-width: 70px) 100vw, 70px\" \/><\/figure><\/div>\n\n\n\n<h2 class=\"has-text-align-center has-nv-dark-bg-color has-text-color has-medium-font-size\"><strong>Acorduri \u0219i contract<\/strong>e (Aftaler og kontrakter)<\/h2>\n\n\n\n<p class=\"has-text-align-center tw-mb-0 has-nv-dark-bg-color has-text-color\" style=\"font-size:12px\">Ai un contract sau acord si vrei s\u0103 verifici dac\u0103 nu este dezavantajos pentru tine sau \u021bi-e team\u0103 c\u0103 exista clauze pe care nu le in\u021belegi?&nbsp;<\/p>\n\n\n\n<p class=\"has-text-align-center tw-mb-0 has-nv-dark-bg-color has-text-color\" style=\"font-size:12px\">Po\u021bi s\u0103 ne solici\u021bi sfatul  pentru siguran\u021ba ta.<\/p>\n\n\n\n<div class=\"wp-block-buttons is-content-justification-center\">\n<div class=\"wp-block-button has-custom-font-size is-style-outline has-normal-font-size\"><a class=\"wp-block-button__link has-nv-dark-bg-color has-text-color\" href=\"https:\/\/avocatdk.eu\/imobiliar\/2022\/01\/10\/contract-de-inchiriere-lejekontrakt\/\" target=\"_blank\" rel=\"noreferrer noopener\">Afla mai multe<\/a><\/div>\n<\/div>\n<\/div><\/div>\n<\/div>\n<\/div>\n\n\n\n<div class=\"wp-block-columns alignwide tw-mt-0 has-text-color\" style=\"color:#111111\">\n<div class=\"wp-block-column tw-my-3\">\n<div class=\"wp-block-group tw-rounded-xl tw-shadow-xl tw-h-full tw-p-8 sm:tw-p-10 has-nv-dark-bg-color has-nv-light-bg-background-color has-text-color has-background\"><div class=\"wp-block-group__inner-container\">\n<div class=\"wp-block-image tw-py-0\"><figure class=\"aligncenter size-thumbnail is-resized\"><img loading=\"lazy\" src=\"https:\/\/avocatdk.eu\/imobiliar\/wp-content\/uploads\/2022\/01\/cropped-Copy-of-Copy-of-Christmas-flyer-Made-with-PosterMyWall-150x150.png\" alt=\"\" class=\"wp-image-117\" width=\"70\" height=\"70\" srcset=\"https:\/\/avocatdk.eu\/imobiliar\/wp-content\/uploads\/2022\/01\/cropped-Copy-of-Copy-of-Christmas-flyer-Made-with-PosterMyWall-150x150.png 150w, https:\/\/avocatdk.eu\/imobiliar\/wp-content\/uploads\/2022\/01\/cropped-Copy-of-Copy-of-Christmas-flyer-Made-with-PosterMyWall-300x300.png 300w, https:\/\/avocatdk.eu\/imobiliar\/wp-content\/uploads\/2022\/01\/cropped-Copy-of-Copy-of-Christmas-flyer-Made-with-PosterMyWall.png 630w\" sizes=\"(max-width: 70px) 100vw, 70px\" \/><\/figure><\/div>\n\n\n\n<h2 class=\"has-text-align-center has-nv-dark-bg-color has-text-color has-medium-font-size\"><strong>Litigii<\/strong><\/h2>\n\n\n\n<p class=\"has-text-align-center tw-mb-0 has-nv-dark-bg-color has-text-color\" style=\"font-size:12px\">Solu\u021bionarea litigiilor care apar \u00eentre persoane fizice sau persoane fizice \u0219i juridice privind cauze imobiliare. <\/p>\n\n\n\n<p class=\"has-text-align-center tw-mb-0 has-nv-dark-bg-color has-text-color\" style=\"font-size:12px\">Reclama\u021bii privind \u00eenchirierea locuin\u021belor<\/p>\n\n\n\n<div class=\"wp-block-buttons is-content-justification-center\">\n<div class=\"wp-block-button has-custom-font-size is-style-outline has-normal-font-size\"><a class=\"wp-block-button__link has-nv-dark-bg-color has-text-color\" href=\"https:\/\/avocatdk.eu\/imobiliar\/2022\/01\/10\/contract-de-inchiriere-lejekontrakt\/\" target=\"_blank\" rel=\"noreferrer noopener\">Afla mai multe<\/a><\/div>\n<\/div>\n<\/div><\/div>\n<\/div>\n\n\n\n<div class=\"wp-block-column tw-my-3\">\n<div class=\"wp-block-group tw-rounded-xl tw-shadow-xl tw-h-full tw-p-8 sm:tw-p-10 has-nv-dark-bg-color has-nv-light-bg-background-color has-text-color has-background\"><div class=\"wp-block-group__inner-container\">\n<div class=\"wp-block-image tw-py-0\"><figure class=\"aligncenter size-thumbnail is-resized\"><img loading=\"lazy\" src=\"https:\/\/avocatdk.eu\/imobiliar\/wp-content\/uploads\/2022\/01\/cropped-Copy-of-Copy-of-Christmas-flyer-Made-with-PosterMyWall-150x150.png\" alt=\"\" class=\"wp-image-117\" width=\"70\" height=\"70\" srcset=\"https:\/\/avocatdk.eu\/imobiliar\/wp-content\/uploads\/2022\/01\/cropped-Copy-of-Copy-of-Christmas-flyer-Made-with-PosterMyWall-150x150.png 150w, https:\/\/avocatdk.eu\/imobiliar\/wp-content\/uploads\/2022\/01\/cropped-Copy-of-Copy-of-Christmas-flyer-Made-with-PosterMyWall-300x300.png 300w, https:\/\/avocatdk.eu\/imobiliar\/wp-content\/uploads\/2022\/01\/cropped-Copy-of-Copy-of-Christmas-flyer-Made-with-PosterMyWall.png 630w\" sizes=\"(max-width: 70px) 100vw, 70px\" \/><\/figure><\/div>\n\n\n\n<h2 class=\"has-text-align-center has-nv-dark-bg-color has-text-color has-medium-font-size\"><strong>Sechestru \u00een m\u00e2inile ter\u021bilor<\/strong><\/h2>\n\n\n\n<p class=\"has-text-align-center tw-mb-0 has-nv-dark-bg-color has-text-color\" style=\"font-size:12px\">V\u0103 consiliem \u00een legatur\u0103 cu orice tip de ac\u021biune ce are ca obiect un mijloc de executare silt\u0103 pentru recuperarea crean\u021belor b\u0103ne\u0219ti.<\/p>\n\n\n\n<div class=\"wp-block-buttons is-content-justification-center\">\n<div class=\"wp-block-button has-custom-font-size is-style-outline has-normal-font-size\"><a class=\"wp-block-button__link has-nv-dark-bg-color has-text-color\" href=\"https:\/\/avocatdk.eu\/imobiliar\/2022\/01\/10\/contract-de-inchiriere-lejekontrakt\/\" target=\"_blank\" rel=\"noreferrer noopener\">Afla mai multe<\/a><\/div>\n<\/div>\n<\/div><\/div>\n<\/div>\n\n\n\n<div class=\"wp-block-column tw-my-3\">\n<div class=\"wp-block-group tw-rounded-xl tw-shadow-xl tw-h-full tw-p-8 sm:tw-p-10 has-nv-dark-bg-color has-nv-light-bg-background-color has-text-color has-background\"><div class=\"wp-block-group__inner-container\">\n<div class=\"wp-block-image tw-py-0\"><figure class=\"aligncenter size-thumbnail is-resized\"><img loading=\"lazy\" src=\"https:\/\/avocatdk.eu\/imobiliar\/wp-content\/uploads\/2022\/01\/cropped-Copy-of-Copy-of-Christmas-flyer-Made-with-PosterMyWall-150x150.png\" alt=\"\" class=\"wp-image-117\" width=\"70\" height=\"70\" srcset=\"https:\/\/avocatdk.eu\/imobiliar\/wp-content\/uploads\/2022\/01\/cropped-Copy-of-Copy-of-Christmas-flyer-Made-with-PosterMyWall-150x150.png 150w, https:\/\/avocatdk.eu\/imobiliar\/wp-content\/uploads\/2022\/01\/cropped-Copy-of-Copy-of-Christmas-flyer-Made-with-PosterMyWall-300x300.png 300w, https:\/\/avocatdk.eu\/imobiliar\/wp-content\/uploads\/2022\/01\/cropped-Copy-of-Copy-of-Christmas-flyer-Made-with-PosterMyWall.png 630w\" sizes=\"(max-width: 70px) 100vw, 70px\" \/><\/figure><\/div>\n\n\n\n<h2 class=\"has-text-align-center has-nv-dark-bg-color has-text-color has-medium-font-size\"><strong>Protec\u021bia interna\u021bional\u0103 a drepturilor de proprietate<\/strong><\/h2>\n\n\n\n<p class=\"has-text-align-center has-nv-dark-bg-color has-text-color\" style=\"font-size:12px\">Analiz\u0103m jurispruden\u021ba Cur\u021bii Europene a Drepturilor Omului cu privire la problemele legate de drepturile de proprietate \u0219i ne ocup\u0103m de cazuri conexe.<\/p>\n\n\n\n<div class=\"wp-block-buttons is-content-justification-center\">\n<div class=\"wp-block-button has-custom-font-size is-style-outline has-normal-font-size\"><a class=\"wp-block-button__link has-nv-dark-bg-color has-text-color\" href=\"https:\/\/avocatdk.eu\/imobiliar\/2022\/01\/10\/contract-de-inchiriere-lejekontrakt\/\" target=\"_blank\" rel=\"noreferrer noopener\">Afla mai multe<\/a><\/div>\n<\/div>\n\n\n\n<p><\/p>\n<\/div><\/div>\n\n\n\n<p><\/p>\n<\/div>\n<\/div>\n\n\n\n<hr class=\"wp-block-separator has-text-color has-background has-luminous-vivid-amber-background-color has-luminous-vivid-amber-color is-style-wide\"\/>\n<\/div><\/div>\n<\/div><\/div>\n\n\n\n<p><\/p>\n","protected":false},"excerpt":{"rendered":"<p>Sfatul este important pentru cump\u0103rarea sau v\u00e2nzarea unei propriet\u0103\u021bi Ne ocup\u0103m de tranzac\u021bii imobiliare, planificarea imobiliar\u0103, reprezentarea de \u00eenchidere \u0219i o varietate de alte chestiuni legate de imobiliare. De ce ave\u021bi nevoie de un avocat atunci c\u00e2nd tranzac\u021biona\u021bi \u00een piata imobiliar\u0103? Efectu\u0103m diligen\u021ba de cercetare \u00een biroul ipotecar \u0219i \u00een cartea funciar\u0103; deasemenea oferim servicii&hellip;&nbsp;<a href=\"https:\/\/avocatdk.eu\/imobiliar\/\" class=\"\" rel=\"bookmark\">Cite\u0219te mai mult &raquo;<span class=\"screen-reader-text\">Consultan\u021b\u0103 imobiliar\u0103 \u00een Danemarca<\/span><\/a><\/p>\n","protected":false},"author":1,"featured_media":0,"parent":0,"menu_order":0,"comment_status":"closed","ping_status":"closed","template":"","meta":{"neve_meta_sidebar":"right","neve_meta_container":"","neve_meta_enable_content_width":"","neve_meta_content_width":0,"neve_meta_title_alignment":"","neve_meta_author_avatar":"","neve_post_elements_order":"","neve_meta_disable_header":"","neve_meta_disable_footer":"","neve_meta_disable_title":""},"_links":{"self":[{"href":"https:\/\/avocatdk.eu\/imobiliar\/wp-json\/wp\/v2\/pages\/14"}],"collection":[{"href":"https:\/\/avocatdk.eu\/imobiliar\/wp-json\/wp\/v2\/pages"}],"about":[{"href":"https:\/\/avocatdk.eu\/imobiliar\/wp-json\/wp\/v2\/types\/page"}],"author":[{"embeddable":true,"href":"https:\/\/avocatdk.eu\/imobiliar\/wp-json\/wp\/v2\/users\/1"}],"replies":[{"embeddable":true,"href":"https:\/\/avocatdk.eu\/imobiliar\/wp-json\/wp\/v2\/comments?post=14"}],"version-history":[{"count":77,"href":"https:\/\/avocatdk.eu\/imobiliar\/wp-json\/wp\/v2\/pages\/14\/revisions"}],"predecessor-version":[{"id":465,"href":"https:\/\/avocatdk.eu\/imobiliar\/wp-json\/wp\/v2\/pages\/14\/revisions\/465"}],"wp:attachment":[{"href":"https:\/\/avocatdk.eu\/imobiliar\/wp-json\/wp\/v2\/media?parent=14"}],"curies":[{"name":"wp","href":"https:\/\/api.w.org\/{rel}","templated":true}]}}